{"id":11714,"date":"2023-01-31T16:45:34","date_gmt":"2023-01-31T16:45:34","guid":{"rendered":"https:\/\/flex.com\/?page_id=11714"},"modified":"2023-05-26T15:54:12","modified_gmt":"2023-05-26T15:54:12","slug":"recruitment-notice-romanian","status":"publish","type":"page","link":"https:\/\/flex.com\/es\/careers\/recruitment-notice-romanian","title":{"rendered":"Aviso de contrataci\u00f3n rumano"},"content":{"rendered":"<div id=\"block_33492e5f744a5fe8f0c69153518ea0c0\" class=\"header block light-content has-background-image\" style=\"background-color: #262626;\">\n\t\t\t<div class=\"background-image\" style=\"background-image: url(https:\/\/flex.com\/wp-content\/uploads\/2023\/01\/Careers-Header-LightGrey-3840x555-1.jpg);\"><\/div>\n\t\t<div class=\"container\">\n\t\t<div class=\"content\" style=\"max-width: px;\">\n\t\t\t\n\n<h1 class=\"has-dark-gray-color has-text-color wp-block-heading\" id=\"h-nota-de-informare-privind-activitatea-de-recrutare-in-flex-prelucrarea-datelor-cu-caracter-personal\">Not\u0103 de Informare Privind Activitatea de Recrutare \u00een Flex Prelucrarea Datelor cu Caracter Personal<\/h1>\n\n\n\t\t<\/div>\n\t<\/div>\n\t<script>\n\t\tlet id = \"#block_33492e5f744a5fe8f0c69153518ea0c0\";\n\n\t\t(function ($) {\n\n\t\t\t$(id + \" .content h1\").addClass(\"fade-in\");\n\t\t\t$(id + \" .content h2\").addClass(\"fade-in\");\n\t\t\t$(id + \" .content p\").addClass(\"fade-in\");\n\t\t\t\/\/ Fade in the content\n\n\t\t\t\/\/ Fade in the background image\n\t\t\tif ($(id).children(\".background-image\").length > 0) {\n\t\t\t\tvar image = new Image();\n\t\t\t\timage.onload = function () {\n\t\t\t\t\t$(id).children(\".background-image\").addClass(\"visible\");\n\t\t\t\t\t$(id).children(\".container\").addClass(\"visible\");\n\t\t\t\t};\n\t\t\t\timage.src = \"https:\/\/flex.com\/wp-content\/uploads\/2023\/01\/Careers-Header-LightGrey-3840x555-1.jpg\";\n\t\t\t} else {\n\t\t\t\t$(id).children(\".container\").addClass(\"visible\");\n\t\t\t}\n\t\t})(jQuery);\n\n\t\twindow.addEventListener('DOMContentLoaded', () => {\n\t\t\tScrollReveal().reveal(id + \" .fade-in\", {origin: \"left\", distance: \"24px\", interval: 100});\n\t\t});\n\t<\/script>\n<\/div>\n\n<div id=\"id-69f59287da021\" class=\"box block full-width dark-content es\" style=\"background-color: transparent; background-image: none;\">\n\t<style>\n\t\t#id-69f59287da021 > .container > .content {\n\t\t\tbackground-color: transparent;\n\t\t\tposition: relative;\n\t\t\tpadding-top: 48px;\n\t\t\tpadding-right: 0px;\n\t\t\tpadding-bottom: 96px;\n\t\t\tpadding-left: 0px;\n\t\t\tmargin-left: 0px;\n\t\t\tmargin-right: 0px;\n\t\t}\n\t\t@media (max-width: 1272px) {\n\t\t\t#id-69f59287da021.box.block.full-width > .container > .content {\n\t\t\t\tpadding-left: 0 !important;\n\t\t\t\tpadding-right: 0 !important;\n\t\t\t\tmargin: 0 !important;\n\t\t\t}\n\t\t}\n\t\t@media (max-width: 960px) {\n\t\t\t#id-69f59287da021 > .container > .content {\n\t\t\t\t\/\/padding-top: 24px;\n\t\t\t\tpadding-right: 0px;\n\t\t\t\t\/\/padding-bottom: 48px;\n\t\t\t\tpadding-left: 0px;\n\t\t\t}\n\t\t}\n\t<\/style>\n\t<div class=\"container\">\n\t\t<div class=\"content\">\n\t\t\t\n\n<p>Flex International USA, Inc., 6201 America Center, San Jos\u00e9, CA, EE. UU., y toda la empresa del grupo Flex asumen serias obligaciones de protecci\u00f3n confidencial e informaci\u00f3n con car\u00e1cter personal.&nbsp;<\/p>\n\n\n\n<p><strong>Fecha de contacto:<\/strong> Informaci\u00f3n dumneavoastr\u0103 cu caracter personal sunt colectate de c\u0103tre Flex Int. No puedo contactar con la direcci\u00f3n de correo electr\u00f3nico. <a href=\"mailto:hrcompliance@flex.com\" target=\"_blank\" rel=\"noreferrer noopener\">hrcompliance@flex.com<\/a>. Si tiene dudas sobre el uso de informaci\u00f3n personal o una notificaci\u00f3n de informaci\u00f3n, p\u00f3ngase en contacto con el responsable de privacidad de datos: <a href=\"mailto:chiefprivacyofficer@flex.com\" target=\"_blank\" rel=\"noreferrer noopener\">chiefprivacyofficer@flex.com<\/a>.&nbsp;<\/p>\n\n\n\n<p><strong>Informaci\u00f3n sobre los personajes personales recopilados:<\/strong> En el momento del proceso de reclutamiento, recopile informaci\u00f3n despreocupada y enumere m\u00e1s jos. Si no proporciona ninguna informaci\u00f3n solicitada, no podr\u00e1 procesar la candidatura dumneavoastr\u0103.&nbsp;<\/p>\n\n\n\n<ul class=\"wp-block-list\">\n<li>Informa\u021bii furnizate \u00een CV, formularul de candidatura (aplicatia), scrisoarea de inten\u021bie \u0219i date colectate \u00een timpul interviului: numele dumneavoastr\u0103, data na\u0219terii, v\u00e2rsta, genul, adresa de domiciliu, adresa personal\u0103 de e-mail, studii, detalii despre calific\u0103ri \u0219i experien\u021ba de lucru, referin\u021be.&nbsp;<\/li>\n\n\n\n<li>Se genera informaci\u00f3n en el momento del proceso de contrataci\u00f3n: notificaci\u00f3n de entrevista, resultado de prueba y correspondencia.&nbsp;<\/li>\n\n\n\n<li>Informa\u021bii privind condamn\u0103rile penale: efectu\u0103m verificarea antecedentelor ca parte a activit\u0103\u021bii de recrutare.&nbsp;<\/li>\n\n\n\n<li>Las categor\u00edas especiales de fechas con caracter\u00edsticas personales incluyen: informaci\u00f3n privada de origen racial\/etnic\u0103, informaci\u00f3n referida a la dizabilit\u0103\u021bi, conversaciones religiosas o orientaci\u00f3n sexual, informaci\u00f3n privada de salud f\u00edsica o psihic\u0103 y documentos de inmigraci\u00f3n y naturalizaci\u00f3n (in cazul \u00een care aceastea dezv\u0103luie). informaci\u00f3n sobre el origen rasial\u0103 \/\u00e9tnica).&nbsp;<\/li>\n<\/ul>\n\n\n\n<p><strong>Surse de informaci\u00f3n:<\/strong> Aceste informa\u021bii sunt fie: (a) furnizate de c\u0103tre dumneavoastr\u0103; (b) ob\u021binute de la ter\u021bi prin intermediul procesului de punere a candidaturii \u0219i recrutare; (c) ob\u021binute din surse publice, cum ar fi LinkedIn, o (d) generar de noi \u00een timpul procesului de recrutare.&nbsp;<\/p>\n\n\n\n<p><strong>Cum utiliz\u0103m informa\u021biile cu caracter personal:<\/strong> Noi utiliz\u0103m informa\u021biile dumneavoastr\u0103 cu caracter personal \u00een procesul de recrutare, pentru a evalua \u0219i a lua o decizie cu privire la candidatura dumneavoastr\u0103 pentru anumit post, pentru a comunica cu dumneavoastr\u0103 \u0219i verifiqueea referin\u021belor. Asemenea, vom utiliza esta informaci\u00f3n seg\u00fan las disposiciones legales en Vigoare.&nbsp;<\/p>\n\n\n\n<p><strong>De ce utiliz\u0103m informa\u021bii cu caracter personal:<\/strong> Usted utiliza informaci\u00f3n recopilada de la dumneavoastr\u0103 deoarece:&nbsp;<\/p>\n\n\n\n<ul class=\"wp-block-list\">\n<li>sunt necesare pentru a \u00eentreprinde demersurile necesare in vederea \u00eencheierii contractui individual de munca;&nbsp;<\/li>\n\n\n\n<li>trebuie s\u0103 proces\u0103m informa\u021biile dumneavoastr\u0103 pentru a respect obli\u021bie legal\u0103;&nbsp;<\/li>\n\n\n\n<li>noi sau un ter\u021b avem un interes legitim\u0103 de: (a) a asegurarea administrarea \u0219i gestionarea eficient\u0103 a procesului de recrutare; (b) a ne asigura c\u0103 angaj\u0103m o persoan\u0103 potrivit\u0103 pentru un post; (c) a ne ocupa de litigii \u0219i accidente \u0219i de a solicita consiliere juridic\u0103 sau de alta specialitate; \u0219i (d) a constata capacitatea dumneavoastr\u0103 de a lucra.&nbsp;<\/li>\n<\/ul>\n\n\n\n<p><strong>C\u00f3mo utilizar informaci\u00f3n personal en categor\u00edas especiales:<\/strong> Vom prelucra categoriile speciale de date cu caracter personal pentru (1) a analiza dac\u0103 trebuie s\u0103 oferim amenaj\u0103ri corespunz\u0103toare pentru orice tip de dizabilitate \u00een timpul procesului de recrutare; (2) scopuri de informare impar\u0163ial\u0103; (3) a respeta orice obliga\u021bie legal\u0103.&nbsp;<\/p>\n\n\n\n<p><strong>Esta informaci\u00f3n personal se utiliza en una categor\u00eda especial:<\/strong> Vom utiliza categoriile speciale de informa\u021bii cu caracter personal colectate despre dumneavoastr\u0103 deoarece: (1) v-a\u021bi dat consim\u021b\u0103m\u00e2ntul explicit \u00een scris; (2) trebuie s\u0103 ne \u00eendeplinim obliga\u021biile legale; (3) sunt necesare pentru constatarea, exercitarea sau ap\u0103rarea unor drepturi \u00een justi\u021bie; (4) existe un inter\u00e9s p\u00fablico sustancial; (5) sunt necesare pentru a v\u0103 ap\u0103ra interesele (sau interesele altcuiva) \u0219i nu v\u0103 pute\u021bi da consim\u021b\u0103m\u00e2ntul.&nbsp;<\/p>\n\n\n\n<p><strong>Informaci\u00f3n privada condamn\u0103rile penale:<\/strong> Ca parte a activit\u0103\u021bii de recrutare, efectu\u0103m verificarea cazierului judiciar. Utiliz\u0103m aceste verific\u0103ri (1) pentru a evalua dac\u0103 sunte\u021bi potrivit(\u0103) pentru un post reglementat; (2) pentru a ap\u0103ra interesele dumneavoastr\u0103, interesele noastre \u0219i ale ter\u021bilor; (3) pentru c\u0103 sunt necesare \u00een ceea ce prive\u015fte ac\u021biunile \u00een justi\u021bie. Suntem autoriza\u021bi s\u0103 folosim informa\u021biile dumneavoastr\u0103 personale \u00een acest mod acolo unde este necesar s\u0103 ne \u00eendeplinim drepturile \u0219i obliga\u021biile \u00een calitate de angajator \u0219i vom prelucra \u00eentotdeauna datele dumneavoastr\u0103 \u00een conformitate cu legisla\u021bia local\u0103 \u00een vigoare.&nbsp;<\/p>\n\n\n\n<p><strong>Proceso automatizado de decisiones:<\/strong> En una verificaci\u00f3n previa de antecedentes\/pruebas psihom\u00e9tricas, la decisi\u00f3n va a adoptarse cuando se priva del proceso de candidatura dumneavoastr\u0103 o se ofrece un lugar de trabajo en la base de criterios de referencia. Para no tomar una decisi\u00f3n, tenga en cuenta que debe contactar con la siguiente direcci\u00f3n de correo electr\u00f3nico: <a href=\"mailto:chiefprivacyofficer@flex.com\" target=\"_blank\" rel=\"noreferrer noopener\">chiefprivacyofficer@flex.com<\/a>.&nbsp;<\/p>\n\n\n\n<p><strong>Informaci\u00f3n de distribuci\u00f3n:<\/strong> Vom distribui informa\u021biile dumneavoastr\u0103 cu caracter personal cu scopul de a proceso candidatura dumneavoastr\u0103 doar urm\u0103torilor ter\u021bi: (1) agen\u021bii pentru ocuparea for\u021bei de munc\u0103, (2) verific\u0103ri ale antecedentelor \u0219i furnizori de teste \u0219i \u0219i (3) autorit\u0103\u021bi de reglementare \u0219i autorit\u0103\u021bi competente . De asemenea, vom distribui date personale din cadrul grupului nostru \u00een scopuri de administrare, contabilitate \u0219i reportare.&nbsp;<\/p>\n\n\n\n<p><strong>Re\u0163inerea informa\u021biilor:<\/strong> Vom p\u0103stra informa\u021biile dumneavoastr\u0103 cu caracter personal pe durata procesului de recrutare \u0219i p\u00e2n\u0103 la \u00eemplinirea termenului de prescript\u0163ie aplicabil pentru ac\u0163iuni ce ne pot fi imputate ulterior.&nbsp;<\/p>\n\n\n\n<p><strong>Stocarea informativa:<\/strong> Informaci\u00f3n personal para el cuidado de la recogida de datos personales y transferencias de otras entidades Flex desde UE, en el \u00e1mbito de gesti\u00f3n y administraci\u00f3n de procesos de reclutamiento, como objetivos de implementaci\u00f3n o medidas de protecci\u00f3n adecuadas. Si desea obtener una copia de la garant\u00eda anterior, no podr\u00e1 solicitar la fecha de contacto mayor.&nbsp;<\/p>\n\n\n\n<p><strong>Drepturile dumneavoastr\u0103:<\/strong> Ave\u021bi urm\u0103toarele drepturi \u00een leg\u0103tur\u0103 cu datele dumneavoastr\u0103: drepturi de acces, corectare, \u0219tergere, obiec\u021bie, restric\u021bionare, transfer \u0219i dreptul de a retrage consim\u021b\u0103m\u00e2ntul \u0219i de a depune o pl\u00e2ngere la o autoritate de supraveghere.&nbsp;<\/p>\n\n\n\n<p><strong>No un:<\/strong> Estas pol\u00edticas globales son el papel de una prezenta informaci\u00f3n consecvente \u0219i candida\u021bilor the nivel global, toate informa\u021biile vor fi prelucrate \u00eentotdeauna \u00een conformitate cu legisla\u021bia local\u0103 \u00een vigoare.&nbsp;<\/p>\n\n\n\t\t<\/div>\n\t<\/div>\n<\/div>","protected":false},"excerpt":{"rendered":"","protected":false},"author":3,"featured_media":0,"parent":35,"menu_order":0,"comment_status":"closed","ping_status":"closed","template":"","meta":{"_acf_changed":false,"_searchwp_excluded":"","inline_featured_image":false,"footnotes":""},"categories":[54],"class_list":["post-11714","page","type-page","status-publish","hentry","category-life-at-flex"],"acf":[],"_links":{"self":[{"href":"https:\/\/flex.com\/es\/wp-json\/wp\/v2\/pages\/11714","targetHints":{"allow":["GET"]}}],"collection":[{"href":"https:\/\/flex.com\/es\/wp-json\/wp\/v2\/pages"}],"about":[{"href":"https:\/\/flex.com\/es\/wp-json\/wp\/v2\/types\/page"}],"author":[{"embeddable":true,"href":"https:\/\/flex.com\/es\/wp-json\/wp\/v2\/users\/3"}],"replies":[{"embeddable":true,"href":"https:\/\/flex.com\/es\/wp-json\/wp\/v2\/comments?post=11714"}],"version-history":[{"count":5,"href":"https:\/\/flex.com\/es\/wp-json\/wp\/v2\/pages\/11714\/revisions"}],"predecessor-version":[{"id":14086,"href":"https:\/\/flex.com\/es\/wp-json\/wp\/v2\/pages\/11714\/revisions\/14086"}],"up":[{"embeddable":true,"href":"https:\/\/flex.com\/es\/wp-json\/wp\/v2\/pages\/35"}],"wp:attachment":[{"href":"https:\/\/flex.com\/es\/wp-json\/wp\/v2\/media?parent=11714"}],"wp:term":[{"taxonomy":"category","embeddable":true,"href":"https:\/\/flex.com\/es\/wp-json\/wp\/v2\/categories?post=11714"}],"curies":[{"name":"gracias","href":"https:\/\/api.w.org\/{rel}","templated":true}]}}